{"id":603,"date":"2009-06-22T19:31:01","date_gmt":"2009-06-22T17:31:01","guid":{"rendered":"https:\/\/www.tri-hgwaii.de\/01_news\/wordpress\/?page_id=603"},"modified":"2024-03-11T10:20:45","modified_gmt":"2024-03-11T09:20:45","slug":"impressum","status":"publish","type":"page","link":"https:\/\/www.tri-hgwaii.de\/01_news\/wordpress\/impressum\/","title":{"rendered":"Impressum \/ DSGVO"},"content":{"rendered":"\n<figure class=\"wp-block-table is-style-stripes has-small-font-size\"><table class=\"has-black-color has-text-color has-background has-link-color\" style=\"background:linear-gradient(319deg,rgb(238,238,238) 0%,rgb(169,184,195) 100%)\"><tbody><tr><td><strong>Herausgeber:<\/strong><\/td><td>HSG Uni Greifswald e.V. Abt. Triathlon \/ Laufgruppe<\/td><\/tr><tr><td><strong>Adresse:<\/strong><\/td><td>HSG Uni Greifswald e.V.<br \/>Karl-Liebknecht-Ring 2<br \/>17491 Greifswald<br \/><br \/><span style=\"text-decoration: underline;\">Telefon:<\/span><br \/>03834-510030<br \/><\/td><\/tr><tr><td><strong>Umsetzung:<\/strong><\/td><td>Vereinsregisternummer: 110<br \/><br \/>Verantwortlicher f\u00fcr die HSG Abteilung Triathlon \/ Laufgruppe &#8211; Homepage <br \/>i.S.d. Teledienstgesetz \u00a7 6 TDG<br \/><span style=\"text-decoration: underline;\">Webmaster:<\/span> <br \/>Toralf Knuth<\/td><\/tr><\/tbody><\/table><\/figure>\n\n\n<p>\u00a0<\/p>\n<p><strong>Zielsetzung:<\/strong><\/p>\n<p>Diese Homepage soll einen Beitrag zur vernetzten Arbeit in der Triathonsparte des HSG Uni Greifswald e.V. leisten. Leitidee dabei ist die &#8222;Absicht der F\u00fchrung&#8220;, hierbei sollen autonome, selbst-organisierende und sich selbst- synchronisierende Arbeitsschritte beg\u00fcnstigt werden.<\/p>\n<p>Au\u00dferdem wird f\u00fcr Planungsvorg\u00e4nge ein Forum aufgebaut, dass f\u00fcr eine beschleunigte Vereinskommunikation sorgen soll.<\/p>\n<p>Diese Homepage ist am 06.01.2006 online gegangen. (Seite unterliegt st\u00e4ndiger Aktualisierung)<\/p>\n<p>Wir bedanken uns auch an dieser Stelle f\u00fcr die Mitarbeit der vielen, vielen Vereinsmitglieder, die uns ihre Fotos, Berichte, Evaluationen und Pressefunde zu Verf\u00fcgung gestellt haben.<\/p>\n<p><strong>Copyright:<\/strong><\/p>\n<p>Wir unterst\u00fctzen Open Source Community.<\/p>\n<p>Die Urheberrechte des HGWaii Namens und Logos liegen bei www.hgwaii.de. Die auf der Internetseite ausgestellten Fotos sind in der Regel mit dem Einverst\u00e4ndnis der dort abgebildeten Personen ver\u00f6ffentlicht worden, diese Genehmigung gilt nur f\u00fcr www.tri-hgwaii.de, eine weitere Nutzung ist ohne vorherige Genehmigung nicht gestattet<\/p>\n<p>Sollte es hier zu Copyright Verletzungen gekommen sein, dann geschah dies nicht vors\u00e4tzlich. Bitte schicken Sie uns einfach eine Nachricht und der entsprechende Inhalt wird entfernt.<\/p>\n<p><strong>Redaktionssystem:<\/strong><\/p>\n<p>Diese Homepage nutzt ein Redaktionssystem, um News und andere Inhalte online verwalten zu k\u00f6nnen.<\/p>\n<p><strong>Haftungsausschluss:<\/strong><\/p>\n<p>1. Inhalt des Onlineangebotes<br \/>Der Vorstand \u00fcbernimmt keinerlei Gew\u00e4hr f\u00fcr die Aktualit\u00e4t, Korrektheit, Vollst\u00e4ndigkeit oder Qualit\u00e4t der bereitgestellten Informationen. Haftungsanspr\u00fcche gegen den Autor, welche sich auf Sch\u00e4den materieller oder ideeller Art beziehen, die durch die Nutzung oder Nichtnutzung der dargebotenen Informationen bzw. durch die Nutzung fehlerhafter und unvollst\u00e4ndiger Informationen verursacht wurden, sind grunds\u00e4tzlich ausgeschlossen, sofern seitens des Autors kein nachweislich vors\u00e4tzliches oder grob fahrl\u00e4ssiges Verschulden vorliegt. Alle Angebote sind freibleibend und unverbindlich. Der Autor beh\u00e4lt es sich ausdr\u00fccklich vor, Teile der Seiten oder das gesamte Angebot ohne gesonderte Ank\u00fcndigung zu ver\u00e4ndern, zu erg\u00e4nzen, zu l\u00f6schen oder die Ver\u00f6ffentlichung zeitweise oder endg\u00fcltig einzustellen.<\/p>\n<p>2. Verweise und Links<br \/>Bei direkten oder indirekten Verweisen auf fremde Internetseiten (&#8222;Links&#8220;), die au\u00dferhalb des Verantwortungsbereiches des Autors liegen, w\u00fcrde eine Haftungsverpflichtung ausschlie\u00dflich in dem Fall in Kraft treten, in dem der Autor von den Inhalten Kenntnis hat und es ihm technisch m\u00f6glich und zumutbar w\u00e4re, die Nutzung im Falle rechtswidriger Inhalte zu verhindern. Der Autor erkl\u00e4rt hiermit ausdr\u00fccklich, dass zum Zeitpunkt der Linksetzung keine illegalen Inhalte auf den zu verlinkenden Seiten erkennbar waren. Auf die aktuelle und zuk\u00fcnftige Gestaltung, die Inhalte oder die Urheberschaft der gelinkten\/verkn\u00fcpften Seiten hat der Autor keinerlei Einfluss. Deshalb distanziert er sich hiermit ausdr\u00fccklich von allen Inhalten aller gelinkten \/verkn\u00fcpften Seiten, die nach der Linksetzung ver\u00e4ndert wurden. Diese Feststellung gilt f\u00fcr alle innerhalb des eigenen Internetangebotes gesetzten Links und Verweise sowie f\u00fcr Fremdeintr\u00e4ge in vom Autor eingerichteten G\u00e4steb\u00fcchern, Diskussionsforen und Mailinglisten. F\u00fcr illegale, fehlerhafte oder unvollst\u00e4ndige Inhalte und insbesondere f\u00fcr Sch\u00e4den, die aus der Nutzung oder Nichtnutzung solcherart dargebotener Informationen entstehen, haftet allein der Anbieter der Seite, auf welche verwiesen wurde, nicht derjenige, der \u00fcber Links auf die jeweilige Ver\u00f6ffentlichung lediglich verweist.<\/p>\n<p>3. Urheber- und Kennzeichenrecht<br \/>Der Autor ist bestrebt, in allen Publikationen die Urheberrechte der verwendeten Grafiken, Tondokumente, Videosequenzen und Texte zu beachten, von ihm selbst erstellte Grafiken, Tondokumente, Videosequenzen und Texte zu nutzen oder auf lizenzfreie Grafiken, Tondokumente, Videosequenzen und Texte zur\u00fcckzugreifen. Alle innerhalb des Internetangebotes genannten und ggf. durch Dritte gesch\u00fctzten Marken- und Warenzeichen unterliegen uneingeschr\u00e4nkt den Bestimmungen des jeweils g\u00fcltigen Kennzeichenrechts und den Besitzrechten der jeweiligen eingetragenen Eigent\u00fcmer. Allein aufgrund der blo\u00dfen Nennung ist nicht der Schluss zu ziehen, dass Markenzeichen nicht durch Rechte Dritter gesch\u00fctzt sind! Das Copyright f\u00fcr ver\u00f6ffentlichte, vom Autor selbst erstellte Objekte bleibt allein beim Autor der Seiten. Eine Vervielf\u00e4ltigung oder Verwendung solcher Grafiken, Tondokumente, Videosequenzen und Texte in anderen elektronischen oder gedruckten Publikationen ist ohne ausdr\u00fcckliche Zustimmung des Autors nicht gestattet.<\/p>\n<p>4. Datenschutz<br \/>Sofern innerhalb des Internetangebotes die M\u00f6glichkeit zur Eingabe pers\u00f6nlicher oder gesch\u00e4ftlicher Daten (Emailadressen, Namen, Anschriften) besteht, so erfolgt die Preisgabe dieser Daten seitens des Nutzers auf ausdr\u00fccklich freiwilliger Basis. Die Inanspruchnahme und Bezahlung aller angebotenen Dienste ist &#8211; soweit technisch m\u00f6glich und zumutbar &#8211; auch ohne Angabe solcher Daten bzw. unter Angabe anonymisierter Daten oder eines Pseudonyms gestattet.<\/p>\n<p>5. Rechtswirksamkeit dieses Haftungsausschlusses<br \/>Dieser Haftungsausschluss ist als Teil des Internetangebotes zu betrachten, von dem aus auf diese Seite verwiesen wurde. Sofern Teile oder einzelne Formulierungen dieses Textes der geltenden Rechtslage nicht, nicht mehr oder nicht vollst\u00e4ndig entsprechen sollten, bleiben die \u00fcbrigen Teile des Dokumentes in ihrem Inhalt und ihrer G\u00fcltigkeit davon unber\u00fchrt.<\/p>\n<hr \/><hr \/>\n<p><span style=\"color: #333333;\"><span style=\"font-family: Arial, serif;\"><span style=\"font-size: medium;\"><b>Datenschutzerkl\u00e4rung &#8211; <span style=\"text-decoration: underline;\">Datenschutzgrundverordnung (DSGVO)<\/span><br \/><\/b><\/span><\/span><\/span><\/p>\n<p><span style=\"color: #777777;\"><span style=\"font-family: Arial, serif;\">Wir freuen uns sehr \u00fcber Ihr Interesse an unserem Verein. Datenschutz hat einen besonders hohen Stellenwert f\u00fcr die Gesch\u00e4ftsleitung des Hochschulsportgemeinschaft Universit\u00e4t Greifswald e.V.. Eine Nutzung der Internetseiten des Hochschulsportgemeinschaft Universit\u00e4t Greifswald e.V. ist grunds\u00e4tzlich ohne jede Angabe personenbezogener Daten m\u00f6glich. Sofern eine betroffene Person besondere Services unseres Vereins \u00fcber unsere Internetseite in Anspruch nehmen m\u00f6chte, k\u00f6nnte jedoch eine Verarbeitung personenbezogener Daten erforderlich werden. Ist die Verarbeitung personenbezogener Daten erforderlich und besteht f\u00fcr eine solche Verarbeitung keine gesetzliche Grundlage, holen wir generell eine Einwilligung der betroffenen Person ein.<\/span><\/span><\/p>\n<p><span style=\"color: #777777;\"><span style=\"font-family: Arial, serif;\">Die Verarbeitung personenbezogener Daten, beispielsweise des Namens, der Anschrift, <\/span><\/span><\/p>\n<p><span style=\"color: #777777;\"><span style=\"font-family: Arial, serif;\">E-Mail-Adresse oder Telefonnummer einer betroffenen Person, erfolgt stets im Einklang mit der Datenschutz-Grundverordnung und in \u00dcbereinstimmung mit den f\u00fcr den Hochschulsport-gemeinschaft Universit\u00e4t Greifswald e.V. geltenden landesspezifischen Datenschutzbestimmungen. Mittels dieser Datenschutzerkl\u00e4rung m\u00f6chte unser Verein<\/span><\/span> <span style=\"color: #777777;\"><span style=\"font-family: Arial, serif;\">die \u00d6ffentlichkeit \u00fcber Art, Umfang und Zweck der von uns erhobenen, genutzten und verarbeiteten personenbezogenen Daten informieren. Ferner werden betroffene Personen mittels dieser Datenschutzerkl\u00e4rung \u00fcber die ihnen zustehenden Rechte aufgekl\u00e4rt.<\/span><\/span><\/p>\n<p><span style=\"color: #777777;\"><span style=\"font-family: Arial, serif;\">Der Hochschulsportgemeinschaft Universit\u00e4t Greifswald e.V. hat als f\u00fcr die Verarbeitung Verantwortlicher zahlreiche technische und organisatorische Ma\u00dfnahmen umgesetzt, um einen m\u00f6glichst l\u00fcckenlosen Schutz der \u00fcber diese Internetseite verarbeiteten personenbezogenen Daten sicherzustellen. Dennoch k\u00f6nnen Internetbasierte Daten\u00fcbertragungen grunds\u00e4tzlich Sicherheitsl\u00fccken aufweisen, sodass ein absoluter Schutz nicht gew\u00e4hrleistet werden kann. Aus diesem Grund steht es jeder betroffenen Person frei, personenbezogene Daten auch auf alternativen Wegen, beispielsweise telefonisch, an uns zu \u00fcbermitteln.<\/span><\/span><\/p>\n<ol>\n<li><span style=\"color: #333333;\"><span style=\"font-family: Arial, serif;\"><b>Begriffsbestimmungen<\/b><\/span><\/span><\/li>\n<\/ol>\n<p><span style=\"color: #777777;\"><span style=\"font-family: Arial, serif;\">Die Datenschutzerkl\u00e4rung des Hochschulsportgemeinschaft Universit\u00e4t Greifswald e.V. beruht auf den Begrifflichkeiten, die durch den Europ\u00e4ischen Richtlinien- und Verordnungsgeber beim Erlass der Datenschutz-Grundverordnung (DS-GVO) verwendet wurden. Unsere Datenschutzerkl\u00e4rung soll sowohl f\u00fcr die \u00d6ffentlichkeit als auch f\u00fcr unsere Kunden und Gesch\u00e4ftspartner einfach lesbar und verst\u00e4ndlich sein. Um dies zu gew\u00e4hrleisten, m\u00f6chten wir vorab die verwendeten Begrifflichkeiten erl\u00e4utern.<\/span><\/span><\/p>\n<p><span style=\"color: #777777;\"><span style=\"font-family: Arial, serif;\">Wir verwenden in dieser Datenschutzerkl\u00e4rung unter anderem die folgenden Begriffe:<\/span><\/span><\/p>\n<ol type=\"a\">\n<li><span style=\"color: #333333;\"><span style=\"font-family: Arial, serif;\">personenbezogene Daten<\/span><\/span><\/li>\n<\/ol>\n<p><span style=\"color: #777777;\"><span style=\"font-family: Arial, serif;\">Personenbezogene Daten sind alle Informationen, die sich auf eine identifizierte oder identifizierbare nat\u00fcrliche Person (im Folgenden \u201ebetroffene Person\u201c) beziehen. Als identifizierbar wird eine nat\u00fcrliche Person angesehen, die direkt oder indirekt, insbesondere mittels Zuordnung zu einer Kennung wie einem Namen, zu einer Kennnummer, zu Standortdaten, zu einer Online-Kennung oder zu einem oder mehreren besonderen Merkmalen, die Ausdruck der physischen, physiologischen, genetischen, psychischen, wirtschaftlichen, kulturellen oder sozialen Identit\u00e4t dieser nat\u00fcrlichen Person sind, identifiziert werden kann.<\/span><\/span><\/p>\n<ol start=\"2\" type=\"a\">\n<li><span style=\"color: #333333;\"><span style=\"font-family: Arial, serif;\">betroffene Person<\/span><\/span><\/li>\n<\/ol>\n<p><span style=\"color: #777777;\"><span style=\"font-family: Arial, serif;\">Betroffene Person ist jede identifizierte oder identifizierbare nat\u00fcrliche Person, deren personenbezogene Daten von dem f\u00fcr die Verarbeitung Verantwortlichen verarbeitet werden.<\/span><\/span><\/p>\n<ol start=\"3\" type=\"a\">\n<li><span style=\"color: #333333;\"><span style=\"font-family: Arial, serif;\">Verarbeitung<\/span><\/span><\/li>\n<\/ol>\n<p><span style=\"color: #777777;\"><span style=\"font-family: Arial, serif;\">Verarbeitung ist jeder mit oder ohne Hilfe automatisierter Verfahren ausgef\u00fchrte Vorgang oder jede solche Vorgangsreihe im Zusammenhang mit personenbezogenen Daten wie das Erheben, das Erfassen, die Organisation, das Ordnen, die Speicherung, die Anpassung oder Ver\u00e4nderung, das Auslesen, das Abfragen, die Verwendung, die Offenlegung durch \u00dcbermittlung, Verbreitung oder eine andere Form der Bereitstellung, den Abgleich oder die Verkn\u00fcpfung, die Einschr\u00e4nkung, das L\u00f6schen oder die Vernichtung.<\/span><\/span><\/p>\n<ol start=\"4\" type=\"a\">\n<li><span style=\"color: #333333;\"><span style=\"font-family: Arial, serif;\">Einschr\u00e4nkung der Verarbeitung<\/span><\/span><\/li>\n<\/ol>\n<p><span style=\"color: #777777;\"><span style=\"font-family: Arial, serif;\">Einschr\u00e4nkung der Verarbeitung ist die Markierung gespeicherter personenbezogener Daten mit dem Ziel, ihre k\u00fcnftige Verarbeitung einzuschr\u00e4nken.<\/span><\/span><\/p>\n<ol start=\"5\" type=\"a\">\n<li><span style=\"color: #333333;\"><span style=\"font-family: Arial, serif;\">Profiling<\/span><\/span><\/li>\n<\/ol>\n<p><span style=\"color: #777777;\"><span style=\"font-family: Arial, serif;\">Profiling ist jede Art der automatisierten Verarbeitung personenbezogener Daten, die darin besteht, dass diese personenbezogenen Daten verwendet werden, um bestimmte pers\u00f6nliche Aspekte, die sich auf eine nat\u00fcrliche Person beziehen, zu bewerten, insbesondere, um Aspekte bez\u00fcglich Arbeitsleistung, wirtschaftlicher Lage, Gesundheit, pers\u00f6nlicher Vorlieben, Interessen, Zuverl\u00e4ssigkeit, Verhalten, Aufenthaltsort oder Ortswechsel dieser nat\u00fcrlichen Person zu analysieren oder vorherzusagen.<\/span><\/span><\/p>\n<ol start=\"6\" type=\"a\">\n<li><span style=\"color: #333333;\"><span style=\"font-family: Arial, serif;\">Pseudonymisierung<\/span><\/span><\/li>\n<\/ol>\n<p><span style=\"color: #777777;\"><span style=\"font-family: Arial, serif;\">Pseudonymisierung ist die Verarbeitung personenbezogener Daten in einer Weise, auf welche die personenbezogenen Daten ohne Hinzuziehung zus\u00e4tzlicher Informationen nicht mehr einer spezifischen betroffenen Person zugeordnet werden k\u00f6nnen, sofern diese zus\u00e4tzlichen Informationen gesondert aufbewahrt werden und technischen und organisatorischen Ma\u00dfnahmen unterliegen, die gew\u00e4hrleisten, dass die personenbezogenen Daten nicht einer identifizierten oder identifizierbaren nat\u00fcrlichen Person zugewiesen werden.<\/span><\/span><\/p>\n<ol start=\"7\" type=\"a\">\n<li><span style=\"color: #333333;\"><span style=\"font-family: Arial, serif;\">Verantwortlicher oder f\u00fcr die Verarbeitung Verantwortlicher<\/span><\/span><\/li>\n<\/ol>\n<p><span style=\"color: #777777;\"><span style=\"font-family: Arial, serif;\">Verantwortlicher oder f\u00fcr die Verarbeitung Verantwortlicher ist die nat\u00fcrliche oder juristische Person, Beh\u00f6rde, Einrichtung oder andere Stelle, die allein oder gemeinsam mit anderen \u00fcber die Zwecke und Mittel der Verarbeitung von personenbezogenen Daten entscheidet. Sind die Zwecke und Mittel dieser Verarbeitung durch das Unionsrecht oder das Recht der Mitgliedstaaten vorgegeben, so kann der Verantwortliche beziehungsweise k\u00f6nnen die bestimmten Kriterien seiner Benennung nach dem Unionsrecht oder dem Recht der Mitgliedstaaten vorgesehen werden.<\/span><\/span><\/p>\n<ol start=\"8\" type=\"a\">\n<li><span style=\"color: #333333;\"><span style=\"font-family: Arial, serif;\">Auftragsverarbeiter<\/span><\/span><\/li>\n<\/ol>\n<p><span style=\"color: #777777;\"><span style=\"font-family: Arial, serif;\">Auftragsverarbeiter ist eine nat\u00fcrliche oder juristische Person, Beh\u00f6rde, Einrichtung oder andere Stelle, die personenbezogene Daten im Auftrag des Verantwortlichen verarbeitet.<\/span><\/span><\/p>\n<ol start=\"9\" type=\"a\">\n<li><span style=\"color: #333333;\"><span style=\"font-family: Arial, serif;\">Empf\u00e4nger<\/span><\/span><\/li>\n<\/ol>\n<p><span style=\"color: #777777;\"><span style=\"font-family: Arial, serif;\">Empf\u00e4nger ist eine nat\u00fcrliche oder juristische Person, Beh\u00f6rde, Einrichtung oder andere Stelle, der personenbezogene Daten offengelegt werden, unabh\u00e4ngig davon, ob es sich bei ihr um einen Dritten handelt oder nicht. Beh\u00f6rden, die im Rahmen eines bestimmten Untersuchungsauftrags nach dem Unionsrecht oder dem Recht der Mitgliedstaaten m\u00f6glicherweise personenbezogene Daten erhalten, gelten jedoch nicht als Empf\u00e4nger.<\/span><\/span><\/p>\n<ol start=\"10\" type=\"a\">\n<li><span style=\"color: #333333;\"><span style=\"font-family: Arial, serif;\">Dritter<\/span><\/span><\/li>\n<\/ol>\n<p><span style=\"color: #777777;\"><span style=\"font-family: Arial, serif;\">Dritter ist eine nat\u00fcrliche oder juristische Person, Beh\u00f6rde, Einrichtung oder andere Stelle au\u00dfer der betroffenen Person, dem Verantwortlichen, dem Auftragsverarbeiter und den Personen, die unter der unmittelbaren Verantwortung des Verantwortlichen oder des Auftragsverarbeiters befugt sind, die personenbezogenen Daten zu verarbeiten.<\/span><\/span><\/p>\n<ol start=\"11\" type=\"a\">\n<li><span style=\"color: #333333;\"><span style=\"font-family: Arial, serif;\">Einwilligung<\/span><\/span><\/li>\n<\/ol>\n<p><span style=\"color: #777777;\"><span style=\"font-family: Arial, serif;\">Einwilligung ist jede von der betroffenen Person freiwillig f\u00fcr den bestimmten Fall in informierter Weise und unmissverst\u00e4ndlich abgegebene Willensbekundung in Form einer Erkl\u00e4rung oder einer sonstigen eindeutigen best\u00e4tigenden Handlung, mit der die betroffene Person zu verstehen gibt, dass sie mit der Verarbeitung der sie betreffenden personenbezogenen Daten einverstanden ist.<\/span><\/span><\/p>\n<ol start=\"2\">\n<li><span style=\"color: #333333;\"><span style=\"font-family: Arial, serif;\"><b>Name und Anschrift des f\u00fcr die Verarbeitung Verantwortlichen<\/b><\/span><\/span><\/li>\n<\/ol>\n<p><span style=\"color: #777777;\"><span style=\"font-family: Arial, serif;\">Verantwortlicher im Sinne der Datenschutz-Grundverordnung, sonstiger in den Mitgliedstaaten der Europ\u00e4ischen Union geltenden Datenschutzgesetze und anderer Bestimmungen mit datenschutzrechtlichem Charakter ist die:<\/span><\/span><\/p>\n<p><a name=\"_Hlk514764488\"><\/a> <span style=\"color: #777777;\"><span style=\"font-family: Arial, serif;\">Hochschulsportgemeinschaft Universit\u00e4t Greifswald e.V.<\/span><\/span><\/p>\n<p><span style=\"color: #777777;\"><span style=\"font-family: Arial, serif;\">Karl-Liebknecht-Ring 2<\/span><\/span><\/p>\n<p><span style=\"color: #777777;\"><span style=\"font-family: Arial, serif;\">17491 Greifswald<\/span><\/span><\/p>\n<p><span style=\"color: #777777;\"><span style=\"font-family: Arial, serif;\">Deutschland<\/span><\/span><\/p>\n<p><span style=\"color: #777777;\"><span style=\"font-family: Arial, serif;\">Tel.: +49 38 34 \/ 51 00 30<\/span><\/span><\/p>\n<p><span style=\"color: #777777;\"><span style=\"font-family: Arial, serif;\">E-Mail: gesch\u00e4ftsstelle@hsguni-greifswald.de<\/span><\/span><\/p>\n<p><span style=\"color: #777777;\"><span style=\"font-family: Arial, serif;\"><span lang=\"en-US\">Website:<\/span><\/span><\/span> <span style=\"color: #777777;\"><span style=\"font-family: Arial, serif;\">http:\/\/www.hsguni-greifswald.de<\/span><\/span><\/p>\n<ol start=\"3\">\n<li><span style=\"color: #333333;\"><span style=\"font-family: Arial, serif;\"><b>Name und Anschrift des Datenschutzbeauftragten<\/b><\/span><\/span><\/li>\n<\/ol>\n<p><span style=\"color: #777777;\"><span style=\"font-family: Arial, serif;\">Der Datenschutzbeauftragte des f\u00fcr die Verarbeitung Verantwortlichen ist:<\/span><\/span><\/p>\n<p><span style=\"color: #777777;\"><span style=\"font-family: Arial, serif;\">Frank Seifert<\/span><\/span><\/p>\n<p><span style=\"color: #777777;\"><span style=\"font-family: Arial, serif;\">ASD ArbeitsSicherheitsDienst GmbH<\/span><\/span><\/p>\n<p><span style=\"color: #777777;\"><span style=\"font-family: Arial, serif;\">Steinbeckerstra\u00dfe 1<\/span><\/span><\/p>\n<p><span style=\"color: #777777;\"><span style=\"font-family: Arial, serif;\">17489 Greifswald<\/span><\/span><\/p>\n<p><span style=\"color: #777777;\"><span style=\"font-family: Arial, serif;\">Deutschland<\/span><\/span><\/p>\n<p><span style=\"color: #777777;\"><span style=\"font-family: Arial, serif;\">Tel.: +49 (38 34) 777 58 18<\/span><\/span><\/p>\n<p><span style=\"color: #777777;\"><span style=\"font-family: Arial, serif;\">E-Mail: datenschutzbeauftragter@asd-seifert.de<\/span><\/span><\/p>\n<p><span style=\"color: #777777;\"><span style=\"font-family: Arial, serif;\"><span lang=\"en-US\">Website: <\/span><\/span><\/span><a href=\"http:\/\/www.asd-seifert.de\"><span style=\"font-family: Arial, serif;\"><span lang=\"en-US\">http:\/\/www.asd-seifert.de<\/span><\/span><\/a><\/p>\n<p><span style=\"color: #777777;\"><span style=\"font-family: Arial, serif;\">Jede betroffene Person kann sich jederzeit bei allen Fragen und Anregungen zum Datenschutz direkt an unseren Datenschutzbeauftragten wenden.<\/span><\/span><\/p>\n<ol start=\"4\">\n<li><span style=\"color: #333333;\"><span style=\"font-family: Arial, serif;\"><b>Cookies<\/b><\/span><\/span><\/li>\n<\/ol>\n<p><a name=\"_Hlk514320268\"><\/a> <span style=\"color: #777777;\"><span style=\"font-family: Arial, serif;\">Die Internetseiten des Hochschulsportgemeinschaft Universit\u00e4t Greifswald e.V. verwenden Cookies. Cookies sind Textdateien, welche \u00fcber einen Internetbrowser auf einem Computersystem abgelegt und gespeichert werden.<\/span><\/span><\/p>\n<p><span style=\"color: #777777;\"><span style=\"font-family: Arial, serif;\">Zahlreiche Internetseiten und Server verwenden Cookies. Viele Cookies enthalten eine sogenannte Cookie-ID. Eine Cookie-ID ist eine eindeutige Kennung des Cookies. Sie besteht aus einer Zeichenfolge, durch welche Internetseiten und Server dem konkreten Internetbrowser zugeordnet werden k\u00f6nnen, in dem das Cookie gespeichert wurde. Dies erm\u00f6glicht es den besuchten Internetseiten und Servern, den individuellen Browser der betroffenen Person von anderen Internetbrowsern, die andere Cookies enthalten, zu unterscheiden. Ein bestimmter Internetbrowser kann \u00fcber die eindeutige Cookie-ID wiedererkannt und identifiziert werden.<\/span><\/span><\/p>\n<p><span style=\"color: #777777;\"><span style=\"font-family: Arial, serif;\">Durch den Einsatz von Cookies kann der Hochschulsportgemeinschaft Universit\u00e4t Greifswald e.V.<\/span><\/span><\/p>\n<p><span style=\"color: #777777;\"><span style=\"font-family: Arial, serif;\">den Nutzern dieser Internetseite nutzerfreundlichere Services bereitstellen, die ohne die Cookie-Setzung nicht m\u00f6glich w\u00e4ren.<\/span><\/span><\/p>\n<p><span style=\"color: #777777;\"><span style=\"font-family: Arial, serif;\">Mittels eines Cookies k\u00f6nnen die Informationen und Angebote auf unserer Internetseite im Sinne des Benutzers optimiert werden. Cookies erm\u00f6glichen uns, wie bereits erw\u00e4hnt, die Benutzer unserer Internetseite wiederzuerkennen. Zweck dieser Wiedererkennung ist es, den Nutzern die Verwendung unserer Internetseite zu erleichtern. Der Benutzer einer Internetseite, die Cookies verwendet, muss beispielsweise nicht bei jedem Besuch der Internetseite erneut seine Zugangsdaten eingeben, weil dies von der Internetseite und dem auf dem Computersystem des Benutzers abgelegten Cookie \u00fcbernommen wird. Ein weiteres Beispiel ist das Cookie eines Warenkorbes im Online-Shop. Der Online-Shop merkt sich die Artikel, die ein Kunde in den virtuellen Warenkorb gelegt hat, \u00fcber ein Cookie.<\/span><\/span><\/p>\n<p><span style=\"color: #777777;\"><span style=\"font-family: Arial, serif;\">Die betroffene Person kann die Setzung von Cookies durch unsere Internetseite jederzeit mittels einer entsprechenden Einstellung des genutzten Internetbrowsers verhindern und damit der Setzung von Cookies dauerhaft widersprechen. Ferner k\u00f6nnen bereits gesetzte Cookies jederzeit \u00fcber einen Internetbrowser oder andere Softwareprogramme gel\u00f6scht werden. Dies ist in allen g\u00e4ngigen Internetbrowsern m\u00f6glich. Deaktiviert die betroffene Person die Setzung von Cookies in dem genutzten Internetbrowser, sind unter Umst\u00e4nden nicht alle Funktionen unserer Internetseite vollumf\u00e4nglich nutzbar.<\/span><\/span><\/p>\n<ol start=\"5\">\n<li><span style=\"color: #333333;\"><span style=\"font-family: Arial, serif;\"><b>Erfassung von allgemeinen Daten und Informationen<\/b><\/span><\/span><\/li>\n<\/ol>\n<p><span style=\"color: #777777;\"><span style=\"font-family: Arial, serif;\">Die Internetseite des Hochschulsportgemeinschaft Universit\u00e4t Greifswald e.V. erfasst mit jedem Aufruf der Internetseite durch eine betroffene Person oder ein automatisiertes System eine Reihe von allgemeinen Daten und Informationen. Diese allgemeinen Daten und Informationen werden in den Logfiles des Servers gespeichert. Erfasst werden k\u00f6nnen die (1) verwendeten Browsertypen und Versionen, (2) das vom zugreifenden System verwendete Betriebssystem, (3) die Internetseite, von welcher ein zugreifendes System auf unsere Internetseite gelangt (sogenannte Referrer), (4) die Unterwebseiten, welche \u00fcber ein zugreifendes System auf unserer Internetseite angesteuert werden, (5) das Datum und die Uhrzeit eines Zugriffs auf die Internetseite, (6) eine Internet-Protokoll-Adresse (IP-Adresse), (7) der Internet-Service-Provider des zugreifenden Systems und (8) sonstige \u00e4hnliche Daten und Informationen, die der Gefahrenabwehr im Falle von Angriffen auf unsere informationstechnologischen Systeme dienen.<\/span><\/span><\/p>\n<p><span style=\"color: #777777;\"><span style=\"font-family: Arial, serif;\">Bei der Nutzung dieser allgemeinen Daten und Informationen zieht der Hochschulsport-gemeinschaft Universit\u00e4t Greifswald e.V. keine R\u00fcckschl\u00fcsse auf die betroffene Person. Diese Informationen werden vielmehr ben\u00f6tigt, um (1) die Inhalte unserer Internetseite korrekt auszuliefern, (2) die Inhalte unserer Internetseite sowie die Werbung f\u00fcr diese zu optimieren, (3) die dauerhafte Funktionsf\u00e4higkeit unserer informationstechnologischen Systeme und der Technik unserer Internetseite zu gew\u00e4hrleisten sowie (4) um Strafverfolgungsbeh\u00f6rden im Falle eines Cyberangriffes die zur Strafverfolgung notwendigen Informationen bereitzustellen. Diese anonym erhobenen Daten und Informationen werden durch den Hochschulsportgemeinschaft Universit\u00e4t Greifswald e.V. daher einerseits statistisch und ferner mit dem Ziel ausgewertet, den Datenschutz und die Datensicherheit in unserem Verein zu erh\u00f6hen, um letztlich ein optimales Schutzniveau f\u00fcr die von uns verarbeiteten personenbezogenen Daten sicherzustellen. Die anonymen Daten der Server-Logfiles werden getrennt von allen durch eine betroffene Person angegebenen personenbezogenen Daten gespeichert.<\/span><\/span><\/p>\n<ol start=\"6\">\n<li><span style=\"color: #333333;\"><span style=\"font-family: Arial, serif;\"><b>Routinem\u00e4\u00dfige L\u00f6schung und Sperrung von personenbezogenen Daten<\/b><\/span><\/span><\/li>\n<\/ol>\n<p><span style=\"color: #777777;\"><span style=\"font-family: Arial, serif;\">Der f\u00fcr die Verarbeitung Verantwortliche verarbeitet und speichert personenbezogene Daten der betroffenen Person nur f\u00fcr den Zeitraum, der zur Erreichung des Speicherungszwecks erforderlich ist oder sofern dies durch den Europ\u00e4ischen Richtlinien- und Verordnungsgeber oder einen anderen Gesetzgeber in Gesetzen oder Vorschriften, welchen der f\u00fcr die Verarbeitung Verantwortliche unterliegt, vorgesehen wurde.<\/span><\/span><\/p>\n<p><span style=\"color: #777777;\"><span style=\"font-family: Arial, serif;\">Entf\u00e4llt der Speicherungszweck oder l\u00e4uft eine vom Europ\u00e4ischen Richtlinien- und Verordnungsgeber oder einem anderen zust\u00e4ndigen Gesetzgeber vorgeschriebene Speicherfrist ab, werden die personenbezogenen Daten routinem\u00e4\u00dfig und entsprechend den gesetzlichen Vorschriften gesperrt oder gel\u00f6scht.<\/span><\/span><\/p>\n<ol start=\"7\">\n<li><span style=\"color: #333333;\"><span style=\"font-family: Arial, serif;\"><b>Rechte der betroffenen Person<\/b><\/span><\/span><\/li>\n<\/ol>\n<ol type=\"a\">\n<li><span style=\"color: #333333;\"><span style=\"font-family: Arial, serif;\">Recht auf Best\u00e4tigung<\/span><\/span><\/li>\n<\/ol>\n<p><span style=\"color: #777777;\"><span style=\"font-family: Arial, serif;\">Jede betroffene Person hat das vom Europ\u00e4ischen Richtlinien- und Verordnungsgeber einger\u00e4umte Recht, von dem f\u00fcr die Verarbeitung Verantwortlichen eine Best\u00e4tigung dar\u00fcber zu verlangen, ob sie betreffende personenbezogene Daten verarbeitet werden. M\u00f6chte eine betroffene Person dieses Best\u00e4tigungsrecht in Anspruch nehmen, kann sie sich hierzu jederzeit an einen Mitarbeiter des f\u00fcr die Verarbeitung Verantwortlichen wenden.<\/span><\/span><\/p>\n<ol start=\"2\" type=\"a\">\n<li><span style=\"color: #333333;\"><span style=\"font-family: Arial, serif;\">Recht auf Auskunft<\/span><\/span><\/li>\n<\/ol>\n<p><span style=\"color: #777777;\"><span style=\"font-family: Arial, serif;\">Jede von der Verarbeitung personenbezogener Daten betroffene Person hat das vom Europ\u00e4ischen Richtlinien- und Verordnungsgeber gew\u00e4hrte Recht, jederzeit von dem f\u00fcr die Verarbeitung Verantwortlichen unentgeltliche Auskunft \u00fcber die zu seiner Person gespeicherten personenbezogenen Daten und eine Kopie dieser Auskunft zu erhalten. Ferner hat der Europ\u00e4ische Richtlinien- und Verordnungsgeber der betroffenen Person Auskunft \u00fcber folgende Informationen zugestanden:<\/span><\/span><\/p>\n<ul>\n<li style=\"list-style-type: none;\">\n<ul>\n<li><span style=\"color: #777777;\"><span style=\"font-family: Arial, serif;\">die Verarbeitungszwecke<\/span><\/span><\/li>\n<li><span style=\"color: #777777;\"><span style=\"font-family: Arial, serif;\">die Kategorien personenbezogener Daten, die verarbeitet werden<\/span><\/span><\/li>\n<li><span style=\"color: #777777;\"><span style=\"font-family: Arial, serif;\">die Empf\u00e4nger oder Kategorien von Empf\u00e4ngern, gegen\u00fcber denen die personenbezogenen Daten offengelegt worden sind oder noch offengelegt werden, insbesondere bei Empf\u00e4ngern in Drittl\u00e4ndern oder bei internationalen Organisationen<\/span><\/span><\/li>\n<li><span style=\"color: #777777;\"><span style=\"font-family: Arial, serif;\">falls m\u00f6glich die geplante Dauer, f\u00fcr die die personenbezogenen Daten gespeichert werden, oder, falls dies nicht m\u00f6glich ist, die Kriterien f\u00fcr die Festlegung dieser Dauer<\/span><\/span><\/li>\n<li><span style=\"color: #777777;\"><span style=\"font-family: Arial, serif;\">das Bestehen eines Rechts auf Berichtigung oder L\u00f6schung der sie betreffenden personenbezogenen Daten oder auf Einschr\u00e4nkung der Verarbeitung durch den Verantwortlichen oder eines Widerspruchsrechts gegen diese Verarbeitung<\/span><\/span><\/li>\n<li><span style=\"color: #777777;\"><span style=\"font-family: Arial, serif;\">das Bestehen eines Beschwerderechts bei einer Aufsichtsbeh\u00f6rde<\/span><\/span><\/li>\n<li><span style=\"color: #777777;\"><span style=\"font-family: Arial, serif;\">wenn die personenbezogenen Daten nicht bei der betroffenen Person erhoben werden: Alle verf\u00fcgbaren Informationen \u00fcber die Herkunft der Daten<\/span><\/span><\/li>\n<li><span style=\"color: #777777;\"><span style=\"font-family: Arial, serif;\">das Bestehen einer automatisierten Entscheidungsfindung einschlie\u00dflich Profiling gem\u00e4\u00df Artikel 22 Abs.1 und 4 DS-GVO und \u2014 zumindest in diesen F\u00e4llen \u2014 aussagekr\u00e4ftige Informationen \u00fcber die involvierte Logik sowie die Tragweite und die angestrebten Auswirkungen einer derartigen Verarbeitung f\u00fcr die betroffene Person<\/span><\/span><\/li>\n<\/ul>\n<\/li>\n<\/ul>\n<p><span style=\"color: #777777;\"><span style=\"font-family: Arial, serif;\">Ferner steht der betroffenen Person ein Auskunftsrecht dar\u00fcber zu, ob personenbezogene Daten an ein Drittland oder an eine internationale Organisation \u00fcbermittelt wurden. Sofern dies der Fall ist, so steht der betroffenen Person im \u00dcbrigen das Recht zu, Auskunft \u00fcber die geeigneten Garantien im Zusammenhang mit der \u00dcbermittlung zu erhalten.<\/span><\/span><\/p>\n<p><span style=\"color: #777777;\"><span style=\"font-family: Arial, serif;\">M\u00f6chte eine betroffene Person dieses Auskunftsrecht in Anspruch nehmen, kann sie sich hierzu jederzeit an einen Mitarbeiter des f\u00fcr die Verarbeitung Verantwortlichen wenden.<\/span><\/span><\/p>\n<ol start=\"3\" type=\"a\">\n<li><span style=\"color: #333333;\"><span style=\"font-family: Arial, serif;\">Recht auf Berichtigung<\/span><\/span><\/li>\n<\/ol>\n<p><span style=\"color: #777777;\"><span style=\"font-family: Arial, serif;\">Jede von der Verarbeitung personenbezogener Daten betroffene Person hat das vom Europ\u00e4ischen Richtlinien- und Verordnungsgeber gew\u00e4hrte Recht, die unverz\u00fcgliche Berichtigung sie betreffender unrichtiger personenbezogener Daten zu verlangen. Ferner steht der betroffenen Person das Recht zu, unter Ber\u00fccksichtigung der Zwecke der Verarbeitung, die Vervollst\u00e4ndigung unvollst\u00e4ndiger personenbezogener Daten \u2014 auch mittels einer erg\u00e4nzenden Erkl\u00e4rung \u2014 zu verlangen.<\/span><\/span><\/p>\n<p><span style=\"color: #777777;\"><span style=\"font-family: Arial, serif;\">M\u00f6chte eine betroffene Person dieses Berichtigungsrecht in Anspruch nehmen, kann sie sich hierzu jederzeit an einen Mitarbeiter des f\u00fcr die Verarbeitung Verantwortlichen wenden.<\/span><\/span><\/p>\n<ol start=\"4\" type=\"a\">\n<li><span style=\"color: #333333;\"><span style=\"font-family: Arial, serif;\">Recht auf L\u00f6schung (Recht auf Vergessen werden)<\/span><\/span><\/li>\n<\/ol>\n<p><span style=\"color: #777777;\"><span style=\"font-family: Arial, serif;\">Jede von der Verarbeitung personenbezogener Daten betroffene Person hat das vom Europ\u00e4ischen Richtlinien- und Verordnungsgeber gew\u00e4hrte Recht, von dem Verantwortlichen zu verlangen, dass die sie betreffenden personenbezogenen Daten unverz\u00fcglich gel\u00f6scht werden, sofern einer der folgenden Gr\u00fcnde zutrifft und soweit die Verarbeitung nicht erforderlich ist:<\/span><\/span><\/p>\n<ul>\n<li style=\"list-style-type: none;\">\n<ul>\n<li><span style=\"color: #777777;\"><span style=\"font-family: Arial, serif;\">Die personenbezogenen Daten wurden f\u00fcr solche Zwecke erhoben oder auf sonstige Weise verarbeitet, f\u00fcr welche sie nicht mehr notwendig sind.<\/span><\/span><\/li>\n<li><span style=\"color: #777777;\"><span style=\"font-family: Arial, serif;\">Die betroffene Person widerruft ihre Einwilligung, auf die sich die Verarbeitung gem\u00e4\u00df Art. 6 Abs. 1 Buchstabe a DS-GVO oder Art. 9 Abs. 2 Buchstabe a DS-GVO st\u00fctzte, und es fehlt an einer anderweitigen Rechtsgrundlage f\u00fcr die Verarbeitung.<\/span><\/span><\/li>\n<li><span style=\"color: #777777;\"><span style=\"font-family: Arial, serif;\">Die betroffene Person legt gem\u00e4\u00df Art. 21 Abs. 1 DS-GVO Widerspruch gegen die Verarbeitung ein, und es liegen keine vorrangigen berechtigten Gr\u00fcnde f\u00fcr die Verarbeitung vor, oder die betroffene Person legt gem\u00e4\u00df Art. 21 Abs. 2 DS-GVO Widerspruch gegen die Verarbeitung ein.<\/span><\/span><\/li>\n<li><span style=\"color: #777777;\"><span style=\"font-family: Arial, serif;\">Die personenbezogenen Daten wurden unrechtm\u00e4\u00dfig verarbeitet.<\/span><\/span><\/li>\n<li><span style=\"color: #777777;\"><span style=\"font-family: Arial, serif;\">Die L\u00f6schung der personenbezogenen Daten ist zur Erf\u00fcllung einer rechtlichen Verpflichtung nach dem Unionsrecht oder dem Recht der Mitgliedstaaten erforderlich, dem der Verantwortliche unterliegt.<\/span><\/span><\/li>\n<li><span style=\"color: #777777;\"><span style=\"font-family: Arial, serif;\">Die personenbezogenen Daten wurden in Bezug auf angebotene Dienste der Informationsgesellschaft gem\u00e4\u00df Art. 8 Abs. 1 DS-GVO erhoben.<\/span><\/span><\/li>\n<\/ul>\n<\/li>\n<\/ul>\n<p><span style=\"color: #777777;\"><span style=\"font-family: Arial, serif;\">Sofern einer der oben genannten Gr\u00fcnde zutrifft und eine betroffene Person die L\u00f6schung von personenbezogenen Daten, die beim Hochschulsportgemeinschaft Universit\u00e4t Greifswald e.V.<\/span><\/span><\/p>\n<p><span style=\"color: #777777;\"><span style=\"font-family: Arial, serif;\">gespeichert sind, veranlassen m\u00f6chte, kann sie sich hierzu jederzeit an einen Mitarbeiter des f\u00fcr die Verarbeitung Verantwortlichen wenden. Der Mitarbeiter vom Hochschulsport-gemeinschaft Universit\u00e4t Greifswald e.V. wird veranlassen, dass dem L\u00f6schverlangen unverz\u00fcglich nachgekommen wird.<\/span><\/span><\/p>\n<p><span style=\"color: #777777;\"><span style=\"font-family: Arial, serif;\">Wurden die personenbezogenen Daten vom Hochschulsportgemeinschaft Universit\u00e4t Greifswald e.V. \u00f6ffentlich gemacht und ist unser Verein als Verantwortlicher gem\u00e4\u00df Art. 17 Abs. 1 DS-GVO zur L\u00f6schung der personenbezogenen Daten verpflichtet, so trifft der Hochschulsport-gemeinschaft Universit\u00e4t Greifswald e.V. unter Ber\u00fccksichtigung der verf\u00fcgbaren Technologie und der Implementierungskosten angemessene Ma\u00dfnahmen, auch technischer Art, um andere f\u00fcr die Datenverarbeitung Verantwortliche, welche die ver\u00f6ffentlichten personenbezogenen Daten verarbeiten, dar\u00fcber in Kenntnis zu setzen, dass die betroffene Person von diesen anderen f\u00fcr die Datenverarbeitung Verantwortlichen die L\u00f6schung s\u00e4mtlicher Links zu diesen personenbezogenen Daten oder von Kopien oder Replikationen dieser personenbezogenen Daten verlangt hat, soweit die Verarbeitung nicht erforderlich ist. Der Mitarbeiter vom Hochschulsportgemeinschaft Universit\u00e4t Greifswald e.V. wird im Einzelfall das Notwendige veranlassen.<\/span><\/span><\/p>\n<p><a name=\"_GoBack\"><\/a><\/p>\n<ol start=\"5\" type=\"a\">\n<li><span style=\"color: #333333;\"><span style=\"font-family: Arial, serif;\">Recht auf Einschr\u00e4nkung der Verarbeitung<\/span><\/span><\/li>\n<\/ol>\n<p><span style=\"color: #777777;\"><span style=\"font-family: Arial, serif;\">Jede von der Verarbeitung personenbezogener Daten betroffene Person hat das vom Europ\u00e4ischen Richtlinien- und Verordnungsgeber gew\u00e4hrte Recht, von dem Verantwortlichen die Einschr\u00e4nkung der Verarbeitung zu verlangen, wenn eine der folgenden Voraussetzungen gegeben ist:<\/span><\/span><\/p>\n<ul>\n<li style=\"list-style-type: none;\">\n<ul>\n<li><span style=\"color: #777777;\"><span style=\"font-family: Arial, serif;\">Die Richtigkeit der personenbezogenen Daten wird von der betroffenen Person bestritten, und zwar f\u00fcr eine Dauer, die es dem Verantwortlichen erm\u00f6glicht, die Richtigkeit der personenbezogenen Daten zu \u00fcberpr\u00fcfen.<\/span><\/span><\/li>\n<li><span style=\"color: #777777;\"><span style=\"font-family: Arial, serif;\">Die Verarbeitung ist unrechtm\u00e4\u00dfig, die betroffene Person lehnt die L\u00f6schung der personenbezogenen Daten ab und verlangt stattdessen die Einschr\u00e4nkung der Nutzung der personenbezogenen Daten.<\/span><\/span><\/li>\n<li><span style=\"color: #777777;\"><span style=\"font-family: Arial, serif;\">Der Verantwortliche ben\u00f6tigt die personenbezogenen Daten f\u00fcr die Zwecke der Verarbeitung nicht l\u00e4nger, die betroffene Person ben\u00f6tigt sie jedoch zur Geltendmachung, Aus\u00fcbung oder Verteidigung von Rechtsanspr\u00fcchen.<\/span><\/span><\/li>\n<li><span style=\"color: #777777;\"><span style=\"font-family: Arial, serif;\">Die betroffene Person hat Widerspruch gegen die Verarbeitung gem. Art. 21 Abs. 1 DS-GVO eingelegt und es steht noch nicht fest, ob die berechtigten Gr\u00fcnde des Verantwortlichen gegen\u00fcber denen der betroffenen Person \u00fcberwiegen.<\/span><\/span><\/li>\n<\/ul>\n<\/li>\n<\/ul>\n<p><span style=\"color: #777777;\"><span style=\"font-family: Arial, serif;\">Sofern eine der oben genannten Voraussetzungen gegeben ist und eine betroffene Person die Einschr\u00e4nkung von personenbezogenen Daten, die beim Hochschulsportgemeinschaft Universit\u00e4t Greifswald e.V. gespeichert sind, verlangen m\u00f6chte, kann sie sich hierzu jederzeit an einen Mitarbeiter des f\u00fcr die Verarbeitung Verantwortlichen wenden. Der Mitarbeiter vom Hochschulsportgemeinschaft Universit\u00e4t Greifswald e.V. wird die Einschr\u00e4nkung der Verarbeitung veranlassen.<\/span><\/span><\/p>\n<ol start=\"6\" type=\"a\">\n<li><span style=\"color: #333333;\"><span style=\"font-family: Arial, serif;\">Recht auf Daten\u00fcbertragbarkeit<\/span><\/span><\/li>\n<\/ol>\n<p><span style=\"color: #777777;\"><span style=\"font-family: Arial, serif;\">Jede von der Verarbeitung personenbezogener Daten betroffene Person hat das vom Europ\u00e4ischen Richtlinien- und Verordnungsgeber gew\u00e4hrte Recht, die sie betreffenden personenbezogenen Daten, welche durch die betroffene Person einem Verantwortlichen bereitgestellt wurden, in einem strukturierten, g\u00e4ngigen und maschinenlesbaren Format zu erhalten. Sie hat au\u00dferdem das Recht, diese Daten einem anderen Verantwortlichen ohne Behinderung durch den Verantwortlichen, dem die personenbezogenen Daten bereitgestellt wurden, zu \u00fcbermitteln, sofern die Verarbeitung auf der Einwilligung gem\u00e4\u00df Art. 6 Abs. 1 Buchstabe a DS-GVO oder Art. 9 Abs. 2 Buchstabe a DS-GVO oder auf einem Vertrag gem\u00e4\u00df Art. 6 Abs. 1 Buchstabe b DS-GVO beruht und die Verarbeitung mithilfe automatisierter Verfahren erfolgt, sofern die Verarbeitung nicht f\u00fcr die Wahrnehmung einer Aufgabe erforderlich ist, die im \u00f6ffentlichen Interesse liegt oder in Aus\u00fcbung \u00f6ffentlicher Gewalt erfolgt, welche dem Verantwortlichen \u00fcbertragen wurde.<\/span><\/span><\/p>\n<p><span style=\"color: #777777;\"><span style=\"font-family: Arial, serif;\">Ferner hat die betroffene Person bei der Aus\u00fcbung ihres Rechts auf Daten\u00fcbertragbarkeit gem\u00e4\u00df Art. 20 Abs. 1 DS-GVO das Recht, zu erwirken, dass die personenbezogenen Daten direkt von einem Verantwortlichen an einen anderen Verantwortlichen \u00fcbermittelt werden, soweit dies technisch machbar ist und sofern hiervon nicht die Rechte und Freiheiten anderer Personen beeintr\u00e4chtigt werden.<\/span><\/span><\/p>\n<p><span style=\"color: #777777;\"><span style=\"font-family: Arial, serif;\">Zur Geltendmachung des Rechts auf Daten\u00fcbertragbarkeit kann sich die betroffene Person jederzeit an einen Mitarbeiter vom Hochschulsportgemeinschaft Universit\u00e4t Greifswald e.V.<\/span><\/span><\/p>\n<p><span style=\"color: #777777;\"><span style=\"font-family: Arial, serif;\">wenden.<\/span><\/span><\/p>\n<ol start=\"7\" type=\"a\">\n<li><span style=\"color: #333333;\"><span style=\"font-family: Arial, serif;\">Recht auf Widerspruch<\/span><\/span><\/li>\n<\/ol>\n<p><span style=\"color: #777777;\"><span style=\"font-family: Arial, serif;\">Jede von der Verarbeitung personenbezogener Daten betroffene Person hat das vom Europ\u00e4ischen Richtlinien- und Verordnungsgeber gew\u00e4hrte Recht, aus Gr\u00fcnden, die sich aus ihrer besonderen Situation ergeben, jederzeit gegen die Verarbeitung sie betreffender personenbezogener Daten, die aufgrund von Art. 6 Abs. 1 Buchstaben e oder f DS-GVO erfolgt, Widerspruch einzulegen. Dies gilt auch f\u00fcr ein auf diese Bestimmungen gest\u00fctztes Profiling.<\/span><\/span><\/p>\n<p><span style=\"color: #777777;\"><span style=\"font-family: Arial, serif;\">Der Hochschulsportgemeinschaft Universit\u00e4t Greifswald e.V. verarbeitet die personenbezogenen Daten im Falle des Widerspruchs nicht mehr, es sei denn, wir k\u00f6nnen zwingende schutzw\u00fcrdige Gr\u00fcnde f\u00fcr die Verarbeitung nachweisen, die den Interessen, Rechten und Freiheiten der betroffenen Person \u00fcberwiegen, oder die Verarbeitung dient der Geltendmachung, Aus\u00fcbung oder Verteidigung von Rechtsanspr\u00fcchen.<\/span><\/span><\/p>\n<p><span style=\"color: #777777;\"><span style=\"font-family: Arial, serif;\">Verarbeitet der Hochschulsportgemeinschaft Universit\u00e4t Greifswald e.V. personenbezogene Daten, um Direktwerbung zu betreiben, so hat die betroffene Person das Recht, jederzeit Widerspruch gegen die Verarbeitung der personenbezogenen Daten zum Zwecke derartiger Werbung einzulegen. Dies gilt auch f\u00fcr das Profiling, soweit es mit solcher Direktwerbung in Verbindung steht. Widerspricht die betroffene Person gegen\u00fcber dem Hochschulsport-gemeinschaft Universit\u00e4t Greifswald e.V. der Verarbeitung f\u00fcr Zwecke der Direktwerbung, so wird der Hochschulsportgemeinschaft Universit\u00e4t Greifswald e.V. die personenbezogenen Daten nicht mehr f\u00fcr diese Zwecke verarbeiten.<\/span><\/span><\/p>\n<p><span style=\"color: #777777;\"><span style=\"font-family: Arial, serif;\">Zudem hat die betroffene Person das Recht, aus Gr\u00fcnden, die sich aus ihrer besonderen Situation ergeben, gegen die sie betreffende Verarbeitung personenbezogener Daten, die beim Hochschulsportgemeinschaft Universit\u00e4t Greifswald e.V. zu wissenschaftlichen oder historischen Forschungszwecken oder zu statistischen Zwecken gem\u00e4\u00df Art. 89 Abs. 1 DS-GVO erfolgen, Widerspruch einzulegen, es sei denn, eine solche Verarbeitung ist zur Erf\u00fcllung einer im \u00f6ffentlichen Interesse liegenden Aufgabe erforderlich.<\/span><\/span><\/p>\n<p><span style=\"color: #777777;\"><span style=\"font-family: Arial, serif;\">Zur Aus\u00fcbung des Rechts auf Widerspruch kann sich die betroffene Person direkt jeden Mitarbeiter vom Hochschulsportgemeinschaft Universit\u00e4t Greifswald e.V. oder einen anderen Mitarbeiter wenden. Der betroffenen Person steht es ferner frei, im Zusammenhang mit der Nutzung von Diensten der Informationsgesellschaft, ungeachtet der Richtlinie 2002\/58\/EG, ihr Widerspruchsrecht mittels automatisierter Verfahren auszu\u00fcben, bei denen technische Spezifikationen verwendet werden.<\/span><\/span><\/p>\n<ol start=\"8\" type=\"a\">\n<li><span style=\"color: #333333;\"><span style=\"font-family: Arial, serif;\">Automatisierte Entscheidungen im Einzelfall einschlie\u00dflich Profiling<\/span><\/span><\/li>\n<\/ol>\n<p><span style=\"color: #777777;\"><span style=\"font-family: Arial, serif;\">Jede von der Verarbeitung personenbezogener Daten betroffene Person hat das vom Europ\u00e4ischen Richtlinien- und Verordnungsgeber gew\u00e4hrte Recht, nicht einer ausschlie\u00dflich auf einer automatisierten Verarbeitung \u2014 einschlie\u00dflich Profiling \u2014 beruhenden Entscheidung unterworfen zu werden, die ihr gegen\u00fcber rechtliche Wirkung entfaltet oder sie in \u00e4hnlicher Weise erheblich beeintr\u00e4chtigt, sofern die Entscheidung (1) nicht f\u00fcr den Abschluss oder die Erf\u00fcllung eines Vertrags zwischen der betroffenen Person und dem Verantwortlichen erforderlich ist, oder (2) aufgrund von Rechtsvorschriften der Union oder der Mitgliedstaaten, denen der Verantwortliche unterliegt, zul\u00e4ssig ist und diese Rechtsvorschriften angemessene Ma\u00dfnahmen zur Wahrung der Rechte und Freiheiten sowie der berechtigten Interessen der betroffenen Person enthalten oder (3) mit ausdr\u00fccklicher Einwilligung der betroffenen Person erfolgt.<\/span><\/span><\/p>\n<p><span style=\"color: #777777;\"><span style=\"font-family: Arial, serif;\">Ist die Entscheidung (1) f\u00fcr den Abschluss oder die Erf\u00fcllung eines Vertrags zwischen der betroffenen Person und dem Verantwortlichen erforderlich oder (2) erfolgt sie mit ausdr\u00fccklicher Einwilligung der betroffenen Person, trifft der Hochschulsportgemeinschaft Universit\u00e4t Greifswald e.V. angemessene Ma\u00dfnahmen, um die Rechte und Freiheiten sowie die berechtigten Interessen der betroffenen Person zu wahren, wozu mindestens das Recht auf Erwirkung des Eingreifens einer Person seitens des Verantwortlichen, auf Darlegung des eigenen Standpunkts und auf Anfechtung der Entscheidung geh\u00f6rt.<\/span><\/span><\/p>\n<p><span style=\"color: #777777;\"><span style=\"font-family: Arial, serif;\">M\u00f6chte die betroffene Person Rechte mit Bezug auf automatisierte Entscheidungen geltend machen, kann sie sich hierzu jederzeit an einen Mitarbeiter des f\u00fcr die Verarbeitung Verantwortlichen wenden.<\/span><\/span><\/p>\n<ol start=\"9\" type=\"a\">\n<li><span style=\"color: #333333;\"><span style=\"font-family: Arial, serif;\">Recht auf Widerruf einer datenschutzrechtlichen Einwilligung<\/span><\/span><\/li>\n<\/ol>\n<p><span style=\"color: #777777;\"><span style=\"font-family: Arial, serif;\">Jede von der Verarbeitung personenbezogener Daten betroffene Person hat das vom Europ\u00e4ischen Richtlinien- und Verordnungsgeber gew\u00e4hrte Recht, eine Einwilligung zur Verarbeitung personenbezogener Daten jederzeit zu widerrufen.<\/span><\/span><\/p>\n<p><span style=\"color: #777777;\"><span style=\"font-family: Arial, serif;\">M\u00f6chte die betroffene Person ihr Recht auf Widerruf einer Einwilligung geltend machen, kann sie sich hierzu jederzeit an einen Mitarbeiter des f\u00fcr die Verarbeitung Verantwortlichen wenden.<\/span><\/span><\/p>\n<ol start=\"8\">\n<li><span style=\"color: #333333;\"><span style=\"font-family: Arial, serif;\"><b>Datenschutzbestimmungen zu Einsatz und Verwendung von Google-AdWords<\/b><\/span><\/span><\/li>\n<\/ol>\n<p><span style=\"color: #777777;\"><span style=\"font-family: Arial, serif;\">Der f\u00fcr die Verarbeitung Verantwortliche hat auf dieser Internetseite Google AdWords integriert. Google AdWords ist ein Dienst zur Internetwerbung, der es Werbetreibenden gestattet, sowohl Anzeigen in den Suchmaschinenergebnissen von Google als auch im Google-Werbenetzwerk zu schalten. Google AdWords erm\u00f6glicht es einem Werbetreibenden, vorab bestimmte Schl\u00fcsselw\u00f6rter festzulegen, mittels derer eine Anzeige in den Suchmaschinenergebnissen von Google ausschlie\u00dflich dann angezeigt wird, wenn der Nutzer mit der Suchmaschine ein schl\u00fcsselwortrelevantes Suchergebnis abruft. Im Google-Werbenetzwerk werden die Anzeigen mittels eines automatischen Algorithmus und unter Beachtung der zuvor festgelegten Schl\u00fcsselw\u00f6rter auf themenrelevanten Internetseiten verteilt.<\/span><\/span><\/p>\n<p><span style=\"color: #777777;\"><span style=\"font-family: Arial, serif;\">Betreibergesellschaft der Dienste von Google AdWords ist die Google Inc., 1600 Amphitheatre Pkwy, Mountain View, CA 94043-1351, USA.<\/span><\/span><\/p>\n<p><span style=\"color: #777777;\"><span style=\"font-family: Arial, serif;\">Der Zweck von Google AdWords ist die Bewerbung unserer Internetseite durch die Einblendung von interessenrelevanter Werbung auf den Internetseiten von Drittunternehmen und in den Suchmaschinenergebnissen der Suchmaschine Google und eine Einblendung von Fremdwerbung auf unserer Internetseite.<\/span><\/span><\/p>\n<p><span style=\"color: #777777;\"><span style=\"font-family: Arial, serif;\">Gelangt eine betroffene Person \u00fcber eine Google-Anzeige auf unsere Internetseite, wird auf dem informationstechnologischen System der betroffenen Person durch Google ein sogenannter Conversion-Cookie abgelegt. Was Cookies sind, wurde oben bereits erl\u00e4utert. Ein Conversion-Cookie verliert nach drei\u00dfig Tagen seine G\u00fcltigkeit und dient nicht zur Identifikation der betroffenen Person. \u00dcber den Conversion-Cookie wird, sofern das Cookie noch nicht abgelaufen ist, nachvollzogen, ob bestimmte Unterseiten, beispielsweise der Warenkorb von einem Online-Shop-System, auf unserer Internetseite aufgerufen wurden. Durch den Conversion-Cookie k\u00f6nnen sowohl wir als auch Google nachvollziehen, ob eine betroffene Person, die \u00fcber eine AdWords-Anzeige auf unsere Internetseite gelangt ist, einen Umsatz generierte, also einen Warenkauf vollzogen oder abgebrochen hat.<\/span><\/span><\/p>\n<p><span style=\"color: #777777;\"><span style=\"font-family: Arial, serif;\">Die durch die Nutzung des Conversion-Cookies erhobenen Daten und Informationen werden von Google verwendet, um Besuchsstatistiken f\u00fcr unsere Internetseite zu erstellen. Diese Besuchsstatistiken werden durch uns wiederum genutzt, um die Gesamtanzahl der Nutzer zu ermitteln, welche \u00fcber AdWords-Anzeigen an uns vermittelt wurden, also um den Erfolg oder Misserfolg der jeweiligen AdWords-Anzeige zu ermitteln und um unsere AdWords-Anzeigen f\u00fcr die Zukunft zu optimieren. Weder unser Verein noch andere Werbekunden von Google-AdWords erhalten Informationen von Google, mittels derer die betroffene Person identifiziert werden k\u00f6nnte.<\/span><\/span><\/p>\n<p><span style=\"color: #777777;\"><span style=\"font-family: Arial, serif;\">Mittels des Conversion-Cookies werden personenbezogene Informationen, beispielsweise die durch die betroffene Person besuchten Internetseiten, gespeichert. Bei jedem Besuch unserer Internetseiten werden demnach personenbezogene Daten, einschlie\u00dflich der IP-Adresse des von der betroffenen Person genutzten Internetanschlusses, an Google in den Vereinigten Staaten von Amerika \u00fcbertragen. Diese personenbezogenen Daten werden durch Google in den Vereinigten Staaten von Amerika gespeichert. Google gibt diese \u00fcber das technische Verfahren erhobenen personenbezogenen Daten unter Umst\u00e4nden an Dritte weiter.<\/span><\/span><\/p>\n<p><span style=\"color: #777777;\"><span style=\"font-family: Arial, serif;\">Die betroffene Person kann die Setzung von Cookies durch unsere Internetseite, wie oben bereits dargestellt, jederzeit mittels einer entsprechenden Einstellung des genutzten Internetbrowsers verhindern und damit der Setzung von Cookies dauerhaft widersprechen. Eine solche Einstellung des genutzten Internetbrowsers w\u00fcrde auch verhindern, dass Google einen Conversion-Cookie auf dem informationstechnologischen System der betroffenen Person setzt. Zudem kann ein von Google AdWords bereits gesetzter Cookie jederzeit \u00fcber den Internetbrowser oder andere Softwareprogramme gel\u00f6scht werden.<\/span><\/span><\/p>\n<p><span style=\"color: #777777;\"><span style=\"font-family: Arial, serif;\">Ferner besteht f\u00fcr die betroffene Person die M\u00f6glichkeit, der interessenbezogenen Werbung durch Google zu widersprechen. Hierzu muss die betroffene Person von jedem der von ihr genutzten Internetbrowser aus den Link www.google.de\/settings\/ads aufrufen und dort die gew\u00fcnschten Einstellungen vornehmen.<\/span><\/span><\/p>\n<p><span style=\"color: #777777;\"><span style=\"font-family: Arial, serif;\">Weitere Informationen und die geltenden Datenschutzbestimmungen von Google k\u00f6nnen unter https:\/\/www.google.de\/intl\/de\/policies\/privacy\/ abgerufen werden.<\/span><\/span><\/p>\n<ol start=\"9\">\n<li><span style=\"color: #333333;\"><span style=\"font-family: Arial, serif;\"><b>Rechtsgrundlage der Verarbeitung<\/b><\/span><\/span><\/li>\n<\/ol>\n<p><span style=\"color: #777777;\"><span style=\"font-family: Arial, serif;\">Art. 6 I lit. a DS-GVO dient unserem Verein als Rechtsgrundlage f\u00fcr Verarbeitungsvorg\u00e4nge, bei denen wir eine Einwilligung f\u00fcr einen bestimmten Verarbeitungszweck einholen. Ist die Verarbeitung personenbezogener Daten zur Erf\u00fcllung eines Vertrags, dessen Vertragspartei die betroffene Person ist, erforderlich, wie dies beispielsweise bei Verarbeitungsvorg\u00e4ngen der Fall ist, die f\u00fcr eine Lieferung von Waren oder die Erbringung einer sonstigen Leistung oder Gegenleistung notwendig sind, so beruht die Verarbeitung auf Art. 6 I lit. b DS-GVO. Gleiches gilt f\u00fcr solche Verarbeitungsvorg\u00e4nge die zur Durchf\u00fchrung vorvertraglicher Ma\u00dfnahmen erforderlich sind, etwa in F\u00e4llen von Anfragen zur unseren Produkten oder Leistungen. Unterliegt unser Verein einer rechtlichen Verpflichtung durch welche eine Verarbeitung von personenbezogenen Daten erforderlich wird, wie beispielsweise zur Erf\u00fcllung steuerlicher Pflichten, so basiert die Verarbeitung auf Art. 6 I lit. c DS-GVO. In seltenen F\u00e4llen k\u00f6nnte die Verarbeitung von personenbezogenen Daten erforderlich werden, um lebenswichtige Interessen der betroffenen Person oder einer anderen nat\u00fcrlichen Person zu sch\u00fctzen. Dies w\u00e4re beispielsweise der Fall, wenn ein Besucher in unserem Betrieb verletzt werden w\u00fcrde und daraufhin sein Name, sein Alter, seine Krankenkassendaten oder sonstige lebenswichtige Informationen an einen Arzt, ein Krankenhaus oder sonstige Dritte weitergegeben werden m\u00fcssten. Dann w\u00fcrde die Verarbeitung auf Art. 6 I lit. d DS-GVO beruhen. Letztlich k\u00f6nnten Verarbeitungsvorg\u00e4nge auf Art. 6 I lit. f DS-GVO beruhen. Auf dieser Rechtsgrundlage basieren Verarbeitungsvorg\u00e4nge, die von keiner der vorgenannten Rechtsgrundlagen erfasst werden, wenn die Verarbeitung zur Wahrung eines berechtigten Interesses unseres Vereins oder eines Dritten erforderlich ist, sofern die Interessen, Grundrechte und Grundfreiheiten des Betroffenen nicht \u00fcberwiegen. Solche Verarbeitungsvorg\u00e4nge sind uns insbesondere deshalb gestattet, weil sie durch den Europ\u00e4ischen Gesetzgeber besonders erw\u00e4hnt wurden. Er vertrat insoweit die Auffassung, dass ein berechtigtes Interesse anzunehmen sein k\u00f6nnte, wenn die betroffene Person ein Kunde des Verantwortlichen ist (Erw\u00e4gungsgrund 47 Satz 2 DS-GVO).<\/span><\/span><\/p>\n<ol start=\"10\">\n<li><span style=\"color: #333333;\"><span style=\"font-family: Arial, serif;\"><b>Berechtigte Interessen an der Verarbeitung, die von dem Verantwortlichen oder <\/b><\/span><\/span><\/li>\n<\/ol>\n<p><span style=\"color: #333333;\"><span style=\"font-family: Arial, serif;\"><b>einem Dritten verfolgt werden<\/b><\/span><\/span><\/p>\n<p><span style=\"color: #777777;\"><span style=\"font-family: Arial, serif;\">Basiert die Verarbeitung personenbezogener Daten auf Artikel 6 I lit. f DS-GVO ist unser berechtigtes Interesse die Durchf\u00fchrung unserer Gesch\u00e4ftst\u00e4tigkeit zugunsten des Wohlergehens all unserer Mitarbeiter und unserer Anteilseigner.<\/span><\/span><\/p>\n<ol start=\"11\">\n<li><span style=\"color: #333333;\"><span style=\"font-family: Arial, serif;\"><b>Dauer, f\u00fcr die die personenbezogenen Daten gespeichert werden<\/b><\/span><\/span><\/li>\n<\/ol>\n<p><span style=\"color: #777777;\"><span style=\"font-family: Arial, serif;\">Das Kriterium f\u00fcr die Dauer der Speicherung von personenbezogenen Daten ist die jeweilige gesetzliche Aufbewahrungsfrist. Nach Ablauf der Frist werden die entsprechenden Daten routinem\u00e4\u00dfig gel\u00f6scht, sofern sie nicht mehr zur Vertragserf\u00fcllung oder Vertragsanbahnung erforderlich sind.<\/span><\/span><\/p>\n<ol start=\"12\">\n<li><span style=\"color: #333333;\"><span style=\"font-family: Arial, serif;\"><b>Gesetzliche oder vertragliche Vorschriften zur Bereitstellung der <\/b><\/span><\/span><\/li>\n<\/ol>\n<p><span style=\"color: #333333;\"><span style=\"font-family: Arial, serif;\"><b>personenbezogenen Daten; Erforderlichkeit f\u00fcr den Vertragsabschluss; Verpflichtung der betroffenen Person, die personenbezogenen Daten bereitzustellen; m\u00f6gliche Folgen der Nichtbereitstellung<\/b><\/span><\/span><\/p>\n<p><span style=\"color: #777777;\"><span style=\"font-family: Arial, serif;\">Wir kl\u00e4ren Sie dar\u00fcber auf, dass die Bereitstellung personenbezogener Daten zum Teil gesetzlich vorgeschrieben ist (z.B. Steuervorschriften) oder sich auch aus vertraglichen Regelungen (z.B. Angaben zum Vertragspartner) ergeben kann. Mitunter kann es zu einem Vertragsschluss erforderlich sein, dass eine betroffene Person uns personenbezogene Daten zur Verf\u00fcgung stellt, die in der Folge durch uns verarbeitet werden m\u00fcssen. Die betroffene Person ist beispielsweise verpflichtet uns personenbezogene Daten bereitzustellen, wenn unser Verein mit ihr einen Vertrag abschlie\u00dft. Eine Nichtbereitstellung der personenbezogenen Daten h\u00e4tte zur Folge, dass der Vertrag mit dem Betroffenen nicht geschlossen werden k\u00f6nnte. Vor einer Bereitstellung personenbezogener Daten durch den Betroffenen muss sich der Betroffene an einen unserer Mitarbeiter wenden. Unser Mitarbeiter kl\u00e4rt den Betroffenen einzelfallbezogen dar\u00fcber auf, ob die Bereitstellung der personenbezogenen Daten gesetzlich oder vertraglich vorgeschrieben oder f\u00fcr den Vertragsabschluss erforderlich ist, ob eine Verpflichtung besteht, die personenbezogenen Daten bereitzustellen, und welche Folgen die Nichtbereitstellung der personenbezogenen Daten h\u00e4tte.<\/span><\/span><\/p>\n<ol start=\"13\">\n<li><span style=\"color: #333333;\"><span style=\"font-family: Arial, serif;\"><b>Bestehen einer automatisierten Entscheidungsfindung<\/b><\/span><\/span><\/li>\n<\/ol>\n<p><span style=\"color: #777777;\"><span style=\"font-family: Arial, serif;\">Als verantwortungsbewusstes Unternehmen verzichten wir auf eine automatische Entscheidungsfindung oder ein Profiling.<\/span><\/span><\/p>","protected":false},"excerpt":{"rendered":"<p>Herausgeber: HSG Uni Greifswald e.V. Abt. Triathlon \/ Laufgruppe Adresse: HSG Uni Greifswald e.V.Karl-Liebknecht-Ring 217491 Greifswald Telefon:03834-510030 Umsetzung: Vereinsregisternummer: 110 Verantwortlicher f\u00fcr die HSG Abteilung Triathlon \/ Laufgruppe &#8211; Homepage i.S.d. Teledienstgesetz \u00a7 6 TDGWebmaster: Toralf Knuth \u00a0 Zielsetzung: Diese Homepage soll einen Beitrag zur vernetzten Arbeit in der Triathonsparte des HSG Uni Greifswald e.V. [&hellip;]<\/p>\n","protected":false},"author":1,"featured_media":0,"parent":0,"menu_order":0,"comment_status":"closed","ping_status":"closed","template":"","meta":{"footnotes":""},"class_list":["post-603","page","type-page","status-publish","hentry"],"_links":{"self":[{"href":"https:\/\/www.tri-hgwaii.de\/01_news\/wordpress\/wp-json\/wp\/v2\/pages\/603","targetHints":{"allow":["GET"]}}],"collection":[{"href":"https:\/\/www.tri-hgwaii.de\/01_news\/wordpress\/wp-json\/wp\/v2\/pages"}],"about":[{"href":"https:\/\/www.tri-hgwaii.de\/01_news\/wordpress\/wp-json\/wp\/v2\/types\/page"}],"author":[{"embeddable":true,"href":"https:\/\/www.tri-hgwaii.de\/01_news\/wordpress\/wp-json\/wp\/v2\/users\/1"}],"replies":[{"embeddable":true,"href":"https:\/\/www.tri-hgwaii.de\/01_news\/wordpress\/wp-json\/wp\/v2\/comments?post=603"}],"version-history":[{"count":0,"href":"https:\/\/www.tri-hgwaii.de\/01_news\/wordpress\/wp-json\/wp\/v2\/pages\/603\/revisions"}],"wp:attachment":[{"href":"https:\/\/www.tri-hgwaii.de\/01_news\/wordpress\/wp-json\/wp\/v2\/media?parent=603"}],"curies":[{"name":"wp","href":"https:\/\/api.w.org\/{rel}","templated":true}]}}